{"id":33,"date":"2020-03-15T13:43:16","date_gmt":"2020-03-15T12:43:16","guid":{"rendered":"http:\/\/www.autonome.me\/?page_id=33"},"modified":"2020-09-06T13:55:40","modified_gmt":"2020-09-06T11:55:40","slug":"notre-histoire","status":"publish","type":"page","link":"https:\/\/www.autonome.me\/index.php\/notre-histoire\/","title":{"rendered":"Notre histoire"},"content":{"rendered":"\n\t<h1>Notre histoire<\/h1>\n\t\t\t\t<img loading=\"lazy\" src=\"http:\/\/www.autonome.me\/wp-content\/uploads\/2020\/03\/81450813_105700920961705_988260739175153664_o.jpg\" alt=\"81450813_105700920961705_988260739175153664_o\" itemprop=\"image\" height=\"960\" width=\"749\" title=\"81450813_105700920961705_988260739175153664_o\" onerror=\"this.style.display='none'\"  \/>\n<h2>MARLINE NAVARRO<\/h2>\n24 ans et maman d&rsquo;un petit gar\u00e7on de 6 mois.\n<br \/>\nJ&rsquo;ai plus de 2 ans d&rsquo;exp\u00e9riences dans l&rsquo;autopartage (Citiz Alpes-Loire : un service de voitures en libre-service) en tant que responsable de d\u00e9veloppement commercial.<br \/>\nDans une d\u00e9marche de d\u00e9veloppement du service d&rsquo;autopartage, je suis \u00e0 l&rsquo;initiative de la mise en place d&rsquo;un v\u00e9hicule adapt\u00e9 aux personnes \u00e0 mobilit\u00e9 r\u00e9duite (permettant d&rsquo;accueillir un fauteuil roulant) \u00e0 un segment de clients \u00e0 St Etienne et plus largement dans la Loire et au-del\u00e0.<br \/>\nMais malheureusement, ce seul v\u00e9hicule adapt\u00e9 ne pouvait pas r\u00e9pondre \u00e0 toute la demande et n&rsquo;\u00e9tait pas exclusivement r\u00e9serv\u00e9 pour ces personnes.<br \/>\nDe plus, lors de mes prospections je me suis rendue compte qu&rsquo;aucun service de ce type n&rsquo;existait, mise \u00e0 part les traditionnels Taxis, VSL, Ambulances ou le service d&rsquo;Handi&rsquo;Stas.<br \/>\nJe me suis alors demand\u00e9e : \u00ab\u00a0comment les personnes \u00e0 mobilit\u00e9 r\u00e9duite font pour se d\u00e9placer ?!\u00a0\u00bb\n<p>En me donnant comme challenge de faciliter le quotidien de ces personnes via la mobilit\u00e9&#8230;<\/p>\n<h2>GEORGES MESSANA<\/h2>\n<p>54 ans et 2 enfants, un de 25 et une de 20 ans.<\/p>\nJ&rsquo;ai une activit\u00e9 professionnelle de 35 ans dans le b\u00e2timent, dont 25 ann\u00e9es en tant qu&rsquo;artisan ma\u00e7on.<br \/>\nJe vais vous raconter notre rencontre, c&rsquo;\u00e9tait il y a un peu pr\u00e8s un an, aux f\u00eates de fin d&rsquo;ann\u00e9e que Marline, mon fils et des amis d&rsquo;\u00e9coles \u00e9taient r\u00e9unis \u00e0 la maison. Lors d&rsquo;un tour de table, je les questionnes chacun \u00e0 leur tour, sur leur situation actuelle, o\u00f9 ils en \u00e9taient dans leur vie&#8230;<br \/>\nArrive le tour de Marline, c&rsquo;est \u00e0 ce moment l\u00e0 qu&rsquo;elle m&rsquo;expose son projet de v\u00e9hiculer des personnes \u00e0 mobilit\u00e9 r\u00e9duite. En m&rsquo;expliquant qu&rsquo;elle ne se sentait pas la force de monter ce lourd projet toute seule.\n<p>J&rsquo;ai tout de suite \u00e9t\u00e9 s\u00e9duit et concern\u00e9 par son projet, parce qu&rsquo;en 2006 j&rsquo;ai chut\u00e9 d&rsquo;un toit et j&rsquo;ai \u00e9t\u00e9 immobilis\u00e9 pendant plus de 6 mois. J&rsquo;ai v\u00e9cu le handicap, le regard des autres, les difficult\u00e9s \u00e0 me d\u00e9placer en sachant la chance de le vivre seulement 6 mois et non d\u00e9finitivement.<\/p>\n<p>J&rsquo;ai donc \u00e9t\u00e9 touch\u00e9 personnellement par son projet et c&rsquo;est de l\u00e0, qu&rsquo;\u00e0 commenc\u00e9 notre aventure !<\/p>\n\t\t\t\t<img loading=\"lazy\" src=\"http:\/\/www.autonome.me\/wp-content\/uploads\/2020\/03\/81551085_105736190958178_3348658715040415744_o.jpg\" alt=\"81551085_105736190958178_3348658715040415744_o\" itemprop=\"image\" height=\"960\" width=\"930\" title=\"81551085_105736190958178_3348658715040415744_o\" onerror=\"this.style.display='none'\"  \/>\n","protected":false},"excerpt":{"rendered":"<p>Notre histoire MARLINE NAVARRO 24 ans et maman d&rsquo;un petit gar\u00e7on de 6 mois. J&rsquo;ai plus de 2 ans d&rsquo;exp\u00e9riences dans l&rsquo;autopartage (Citiz Alpes-Loire : un service de voitures en libre-service) en tant que responsable de d\u00e9veloppement commercial. Dans une d\u00e9marche de d\u00e9veloppement du service d&rsquo;autopartage, je suis \u00e0 l&rsquo;initiative de la mise en place [&hellip;]<\/p>\n","protected":false},"author":1,"featured_media":0,"parent":0,"menu_order":0,"comment_status":"closed","ping_status":"closed","template":"","meta":[],"_links":{"self":[{"href":"https:\/\/www.autonome.me\/index.php\/wp-json\/wp\/v2\/pages\/33"}],"collection":[{"href":"https:\/\/www.autonome.me\/index.php\/wp-json\/wp\/v2\/pages"}],"about":[{"href":"https:\/\/www.autonome.me\/index.php\/wp-json\/wp\/v2\/types\/page"}],"author":[{"embeddable":true,"href":"https:\/\/www.autonome.me\/index.php\/wp-json\/wp\/v2\/users\/1"}],"replies":[{"embeddable":true,"href":"https:\/\/www.autonome.me\/index.php\/wp-json\/wp\/v2\/comments?post=33"}],"version-history":[{"count":8,"href":"https:\/\/www.autonome.me\/index.php\/wp-json\/wp\/v2\/pages\/33\/revisions"}],"predecessor-version":[{"id":259,"href":"https:\/\/www.autonome.me\/index.php\/wp-json\/wp\/v2\/pages\/33\/revisions\/259"}],"wp:attachment":[{"href":"https:\/\/www.autonome.me\/index.php\/wp-json\/wp\/v2\/media?parent=33"}],"curies":[{"name":"wp","href":"https:\/\/api.w.org\/{rel}","templated":true}]}}